{"id":399,"date":"2015-10-15T20:13:13","date_gmt":"2015-10-15T19:13:13","guid":{"rendered":"http:\/\/srlsampaense.com\/?page_id=399"},"modified":"2016-10-06T09:59:28","modified_gmt":"2016-10-06T08:59:28","slug":"creche-servicos","status":"publish","type":"page","link":"https:\/\/srlsampaense.com\/index.php\/creche-servicos\/","title":{"rendered":"Creche &#8211; Servi\u00e7os"},"content":{"rendered":"<p style=\"text-align: center;\"><span style=\"color: #000000;\"><strong>ALIMENTA\u00c7\u00c3O<\/strong><\/span><\/p>\n<p><span style=\"color: #000000;\">Todas as refei\u00e7\u00f5es servidas s\u00e3o confeccionadas por n\u00f3s, em cozinha pr\u00f3pria, devidamente equipada.<\/span><br \/>\n<span style=\"color: #000000;\"> Implementamos um sistema de gest\u00e3o da seguran\u00e7a alimentar (HACCP),\u00a0segundo a legisla\u00e7\u00e3o em vigor.<\/span><br \/>\n<span style=\"color: #000000;\"> Procuramos manter elevados padr\u00f5es de higiene e seguran\u00e7a, privilegiando uma alimenta\u00e7\u00e3o saud\u00e1vel e cuidada.<\/span><br \/>\n<span style=\"color: #000000;\"> As ementas semanais para o ano letivo 2016\/2017 <span style=\"text-decoration: underline;\">estar\u00e3o brevemente dispon\u00edveis<\/span> para consulta dos pais, no nosso site e tamb\u00e9m\u00a0afixadas na nossa creche.<\/span><\/p>\n<p style=\"text-align: center;\"><span style=\"color: #000000;\"><strong>ATIVIDADES PEDAG\u00d3GIGAS<\/strong><\/span><\/p>\n<p><span style=\"color: #000000;\">Ao longo do ano letivo ir\u00e3o se realizar diversas atividades tais como:<\/span><\/p>\n<ul>\n<li><span style=\"color: #000000;\">Esta\u00e7\u00e3o do Ano &#8211; O Outono<\/span><\/li>\n<li><span style=\"color: #000000;\">Dia Mundial da Alimenta\u00e7\u00e3o<\/span><\/li>\n<li><span style=\"color: #000000;\">Dia das Bruxas (Halloween)<\/span><\/li>\n<li><span style=\"color: #000000;\">Martinho (Magusto)<\/span><\/li>\n<li><span style=\"color: #000000;\">Esta\u00e7\u00e3o do Ano &#8211; O Inverno<\/span><\/li>\n<li><span style=\"color: #000000;\">Festa de natal<\/span><\/li>\n<li><span style=\"color: #000000;\">Dia de Reis<\/span><\/li>\n<li><span style=\"color: #000000;\">Carnaval<\/span><\/li>\n<li><span style=\"color: #000000;\">Dia dos namorados<\/span><\/li>\n<li><span style=\"color: #000000;\">Dia do Pai<\/span><\/li>\n<li><span style=\"color: #000000;\">Esta\u00e7\u00e3o do Ano \u2013 A Primavera<\/span><\/li>\n<li><span style=\"color: #000000;\">P\u00e1scoa<\/span><\/li>\n<li><span style=\"color: #000000;\">Dia da Fam\u00edlia<\/span><\/li>\n<li><span style=\"color: #000000;\">Dia da M\u00e3e<\/span><\/li>\n<li><span style=\"color: #000000;\">Dia Mundial da Crian\u00e7a<\/span><\/li>\n<li><span style=\"color: #000000;\">Esta\u00e7\u00e3o do Ano &#8211; O Ver\u00e3o<\/span><\/li>\n<li><span style=\"color: #000000;\">Festa de Encerramento do Ano Letivo<\/span><\/li>\n<\/ul>\n<p style=\"text-align: center;\"><span style=\"color: #000000;\"><strong>ATIVIDADES EXTRACURRICULARES<\/strong><\/span><\/p>\n<ul>\n<li><span style=\"color: #000000;\">Aulas de M\u00fasica<\/span><\/li>\n<li><span style=\"color: #000000;\">Aulas de Gin\u00e1stica<\/span><\/li>\n<li><span style=\"color: #000000;\">Aulas de Nata\u00e7\u00e3o<\/span><\/li>\n<\/ul>\n<p style=\"text-align: center;\"><span style=\"color: #000000;\"><strong>\u00a0A<\/strong><strong>TIVIDADES NO EXTERIOR<\/strong><\/span><\/p>\n<ul>\n<li><span style=\"color: #000000;\"><strong>Recreio \u2013 Parque Infantil<br \/>\n<\/strong>Espa\u00e7o exterior com piso e equipamentos adequados a estas idades. Um recreio onde as crian\u00e7as brincam e interagem em contacto com o ar livre, recarregando energias em total conforto e seguran\u00e7a.<\/span><\/li>\n<li><span style=\"color: #000000;\"><strong>Passeios na comunidade<\/strong><\/span><\/li>\n<\/ul>\n<p style=\"text-align: center;\"><span style=\"color: #000000;\"><strong>HOR\u00c1RIO<\/strong><\/span><\/p>\n<p><span style=\"color: #000000;\">Hor\u00e1rio de funcionamento \u00a0entre as 7:30h e as\u00a019:30h<\/span><\/p>\n<p><span style=\"color: #000000;\">As atividades letivas decorrem entre as 9:30h e as 17:00h<\/span><\/p>\n<p style=\"text-align: center;\"><span style=\"color: #000000;\"><strong>CALEND\u00c1RIO ESCOLAR<\/strong><\/span><\/p>\n<p><span style=\"color: #000000;\">A creche inicia as suas fun\u00e7\u00f5es no primeiro dia \u00fatil de setembro, encerrando para manuten\u00e7\u00e3o e limpeza do edif\u00edcio no m\u00eas de agosto salvo o exposto no n.\u00ba 5 da Norma 11\u00aa do Cap\u00edtulo III do Regulamento Interno da Institui\u00e7\u00e3o.<\/span><\/p>\n<p><span style=\"color: #000000;\"><strong>Encerra: <\/strong><\/span><\/p>\n<ul>\n<li><span style=\"color: #000000;\">S\u00e1bados e domingos;<\/span><\/li>\n<li><span style=\"color: #000000;\">Ter\u00e7a-feira de Carnaval;<\/span><\/li>\n<li><span style=\"color: #000000;\">Feriados Nacionais;<\/span><\/li>\n<li><span style=\"color: #000000;\">Feriado Municipal (7 de outubro);<\/span><\/li>\n<li><span style=\"color: #000000;\">Dias Santos;<\/span><\/li>\n<li><span style=\"color: #000000;\">Dias 24, 26 e 31 de dezembro.<\/span><\/li>\n<\/ul>\n","protected":false},"excerpt":{"rendered":"<p>ALIMENTA\u00c7\u00c3O Todas as refei\u00e7\u00f5es servidas s\u00e3o confeccionadas por n\u00f3s, em cozinha pr\u00f3pria, devidamente equipada. Implementamos um sistema de gest\u00e3o da seguran\u00e7a alimentar (HACCP),\u00a0segundo a legisla\u00e7\u00e3o em vigor. Procuramos manter elevados padr\u00f5es de higiene e seguran\u00e7a, privilegiando uma alimenta\u00e7\u00e3o saud\u00e1vel e cuidada. As ementas semanais para o ano letivo 2016\/2017 estar\u00e3o brevemente dispon\u00edveis para consulta dos [&hellip;]<\/p>\n","protected":false},"author":1,"featured_media":0,"parent":0,"menu_order":0,"comment_status":"closed","ping_status":"closed","template":"","meta":{"footnotes":""},"_links":{"self":[{"href":"https:\/\/srlsampaense.com\/index.php\/wp-json\/wp\/v2\/pages\/399"}],"collection":[{"href":"https:\/\/srlsampaense.com\/index.php\/wp-json\/wp\/v2\/pages"}],"about":[{"href":"https:\/\/srlsampaense.com\/index.php\/wp-json\/wp\/v2\/types\/page"}],"author":[{"embeddable":true,"href":"https:\/\/srlsampaense.com\/index.php\/wp-json\/wp\/v2\/users\/1"}],"replies":[{"embeddable":true,"href":"https:\/\/srlsampaense.com\/index.php\/wp-json\/wp\/v2\/comments?post=399"}],"version-history":[{"count":7,"href":"https:\/\/srlsampaense.com\/index.php\/wp-json\/wp\/v2\/pages\/399\/revisions"}],"predecessor-version":[{"id":1268,"href":"https:\/\/srlsampaense.com\/index.php\/wp-json\/wp\/v2\/pages\/399\/revisions\/1268"}],"wp:attachment":[{"href":"https:\/\/srlsampaense.com\/index.php\/wp-json\/wp\/v2\/media?parent=399"}],"curies":[{"name":"wp","href":"https:\/\/api.w.org\/{rel}","templated":true}]}}