{"id":3536,"date":"2025-08-28T16:33:40","date_gmt":"2025-08-28T15:33:40","guid":{"rendered":"https:\/\/srlsampaense.com\/?page_id=3536"},"modified":"2025-08-28T16:34:49","modified_gmt":"2025-08-28T15:34:49","slug":"as-pessoas-meados-sec-xix","status":"publish","type":"page","link":"https:\/\/srlsampaense.com\/index.php\/as-pessoas-meados-sec-xix\/","title":{"rendered":"As pessoas (meados s\u00e9c XIX)"},"content":{"rendered":"<p>Ant\u00f3nio de Vasconcelos referia in Correio de Coimbra n\u00ba 492, de 14\/11\/1931 (citado Arquivo da Universidade de Coimbra &#8211; <em>Ant\u00f3nio Vasconcelos Perpetuado nas p\u00e1ginas do \u201cCorreio de Coimbra&#8221; 1922-1941<\/em>, 2020, p. 186-187)<\/p>\n<p>H\u00e1 nas proximidades da serra da estrela , uma aldeiazita muito modesta, de gente boa, simples, ordeira e laboriosa. \u00c9 conhecido este povo pelo nome de S. Paio de Grama\u00e7os. Os seus habitantes, no meado do s\u00e9culo XIX, viviam uma vida tranquila e quase patriarcal, entregues aos labores da agricultura e do pastoreamento de gados, e ainda ao exerc\u00edcio da pequenas ind\u00fastrias caseiras. Os homens, na sua maior parte, eram canastreiros ou cesteiros, as mulheres tecedeiras; mas todos cultivavam as suas glebas, ou pr\u00f3prias ou de renda, e s\u00f3 nos intervalos das ocupa\u00e7\u00f5es agr\u00edcolas \u00e9 que se entregavam aos trabalhos industriais dom\u00e9sticos.<br \/>\nMendicidade era coisa completamente desconhecida na localidade. Uns remediados, outros pobres, viviam do seu trabalho satisfeitos, pois com pouco se contentavam. Se, por vezes, ocorria alguma necessidade superveniente, alguma doen\u00e7a, alguma impossibilidade para o trabalho, a vizinhan\u00e7a cristamente acudia sol\u00edcita a remediar o mal, nunca havendo lugar a que o necessitado, ou a fam\u00edlia, precisasse de sair, aq estender a m\u00e3o \u00e0 caridade p\u00fablica.<br \/>\nEm dois per\u00edodos, este viver sossegado e tranquilo tinha sido perturbado: primeiro pela invas\u00f5es francesas, que algumas v\u00edtimas aqui fizeram; depois pelas lutas pol\u00edticas, que causaram estragos e inquieta\u00e7\u00f5es. Em breve por\u00e9m tudo se recomp\u00f4s, tudo voltou \u00e0 mesma vida quieta e pac\u00edfica.<br \/>\nPodiam contar-se, e n\u00e3o excediam talvez uma d\u00fazia, as pessoas capazes de letra de forma; e, diga-se de passagem, nem mesma a gente do povo sentia a falta que a car\u00eancia de tal prenda lhes fazia. Para cultivarem a sua gleba , apastarem as suas ovelhitas, fazerem os seus cestos ou ordenarem as suas teias, nenhuma necessidade tinham de saber ler e escrever; para serem vogais da junta de par\u00f3quia, a mais nobre das situa\u00e7\u00f5es sociais a que poderiam aspirar, tamb\u00e9m se dispensava semelhante prenda. Como o p\u00e1roco presidente sabia ler, nada mais era necess\u00e1rio. As atas das delibera\u00e7\u00f5es, e os termos de aprova\u00e7\u00e3o das contas de ger\u00eancia, as quais podiam ascender, quando muito, \u00e0 import\u00e2ncia de algumas dezenas de mil r\u00e9is, eram lavradas pelo secret\u00e1rio, cujas fun\u00e7\u00f5es, por vezes, o pr\u00f3prio presidente acumulava, e a seguir firmadas por indecifr\u00e1veis garatujas, ou pelas respeit\u00e1veis cruzes ds sinais dos honrados membros.\u201d<\/p>\n","protected":false},"excerpt":{"rendered":"<p>Ant\u00f3nio de Vasconcelos referia in Correio de Coimbra n\u00ba 492, de 14\/11\/1931 (citado Arquivo da Universidade de Coimbra &#8211; Ant\u00f3nio Vasconcelos Perpetuado nas p\u00e1ginas do \u201cCorreio de Coimbra&#8221; 1922-1941, 2020, p. 186-187) H\u00e1 nas proximidades da serra da estrela , uma aldeiazita muito modesta, de gente boa, simples, ordeira e laboriosa. \u00c9 conhecido este povo [&hellip;]<\/p>\n","protected":false},"author":1,"featured_media":0,"parent":0,"menu_order":0,"comment_status":"closed","ping_status":"closed","template":"","meta":{"footnotes":""},"_links":{"self":[{"href":"https:\/\/srlsampaense.com\/index.php\/wp-json\/wp\/v2\/pages\/3536"}],"collection":[{"href":"https:\/\/srlsampaense.com\/index.php\/wp-json\/wp\/v2\/pages"}],"about":[{"href":"https:\/\/srlsampaense.com\/index.php\/wp-json\/wp\/v2\/types\/page"}],"author":[{"embeddable":true,"href":"https:\/\/srlsampaense.com\/index.php\/wp-json\/wp\/v2\/users\/1"}],"replies":[{"embeddable":true,"href":"https:\/\/srlsampaense.com\/index.php\/wp-json\/wp\/v2\/comments?post=3536"}],"version-history":[{"count":2,"href":"https:\/\/srlsampaense.com\/index.php\/wp-json\/wp\/v2\/pages\/3536\/revisions"}],"predecessor-version":[{"id":3539,"href":"https:\/\/srlsampaense.com\/index.php\/wp-json\/wp\/v2\/pages\/3536\/revisions\/3539"}],"wp:attachment":[{"href":"https:\/\/srlsampaense.com\/index.php\/wp-json\/wp\/v2\/media?parent=3536"}],"curies":[{"name":"wp","href":"https:\/\/api.w.org\/{rel}","templated":true}]}}