{"id":2285,"date":"2020-10-27T17:20:19","date_gmt":"2020-10-27T16:20:19","guid":{"rendered":"http:\/\/srlsampaense.com\/?page_id=2285"},"modified":"2020-10-27T17:20:19","modified_gmt":"2020-10-27T16:20:19","slug":"bodadela-toponimo","status":"publish","type":"page","link":"https:\/\/srlsampaense.com\/index.php\/bodadela-toponimo\/","title":{"rendered":"Bodadela &#8211; top\u00f3nimo"},"content":{"rendered":"<p>Publicado por <strong>Lucinda Maria Brito<\/strong> em 05\/10\/2020, \u00e0s 21:51 horas in: <a href=\"https:\/\/www.facebook.com\/lucindamaria.brito\/posts\/3132876170168685\" target=\"_blank\" rel=\"noopener noreferrer\">https:\/\/www.facebook.com\/lucindamaria.brito\/posts\/3132876170168685<\/a><\/p>\n<hr \/>\n<p>BOBADELA &#8211; TOP\u00d3NIMO<\/p>\n<p>Povoa\u00e7\u00e3o e freguesia da prov\u00edncia da Beira Alta, concelho e comarca de Oliveira do Hospital, distrito e bispado de Coimbra. Um vale de onde n\u00e3o se avistam outras povoa\u00e7\u00f5es, na margem direita do rio Alva e na esquerda do rio Mondego. A terra \u00e9 muito f\u00e9rtil e saud\u00e1vel. Diz o cronista: \u00abEm tempos remotos Bobadela foi cidade, ou pelo menos povoa\u00e7\u00e3o muito populosa, pelo que se v\u00ea nos seus arrabaldes, em que se encontram pedras lavradas, colunas e outros objectos antiqu\u00edssimos em grande quantidade. Dentro da vila, ainda existia h\u00e1 anos um arco de pedra lavrada de muita magnific\u00eancia e antiguidade, que indicava ser porta de muralha. Ignora-se que cidade seria ou por que nome seria conhecida.\u00bb \u00c9 terra antiga, pois D. Afonso III lhe deu foral na Guarda em 1256 e D Manuel I foral novo em Lisboa em 15 de Outubro de 1513.<br \/>\nE vamos ao top\u00f3nimo, muito dif\u00edcil de decifrar. Existiu ali uma cidade romana, de grande import\u00e2ncia, isso bem atestado pelas ru\u00ednas da Splendidissima Civitas, que hoje s\u00e3o Monumento Nacional. No entanto, s\u00e3o incertos o significado e a origem do top\u00f3nimo Bobadela. A Carta de D. Afonso II, datada de 1211, d\u00e1 ao seu aio Mendo Pais a vila de Nogueira com Galizes e onde se diz que confina com Abouadella. Nas actas das Inquiri\u00e7\u00f5es de 1220 aparecem as formas Abouadela e Abouedela. O foral velho de 1256, concedido por D. Afonso III aparece grafada Bouedela e nas Inquiri\u00e7\u00f5es de 1258 surge v\u00e1rias vezes Bouadela. Ainda no foral novo de 1513 \u00e9 escrito bobadella quatro vezes e Bobadela uma vez. Portanto, no s\u00e9culo XVI j\u00e1 o top\u00f3nimo estava praticamente estabilizado.<br \/>\nV\u00e1rias hip\u00f3teses j\u00e1 foram apontadas: uma deriva\u00e7\u00e3o de ab\u00f3bada, proc\u00f4nsul romano Dolabela e outros. Pena que na inscri\u00e7\u00e3o que se encontra na verga da porta principal da Igreja Matriz falte uma linha, que certamente continha o nome romano de Bobadela.<br \/>\nMas tamb\u00e9m h\u00e1 a hip\u00f3tese de advir do nome de um chefe \u00e1rabe que ter\u00e1 dominado a zona e que substituiu o nome mais antigo: romano ou mesmo visig\u00f3tico. Realmente Abohadella, Abouadella, Aboadela, Bouadela, Bobadela e Bobadel s\u00e3o fon\u00e9ticas \u00e1rabes.<br \/>\nMas tamb\u00e9m j\u00e1 houve quem afirmasse que o nome romano da terra foi Ocelum.<br \/>\nNo estudo que fiz ao livro do Dr. Francisco Correia das Neves precisamente sobre os top\u00f3nimos do concelho, h\u00e1 v\u00e1rias hip\u00f3teses mas nenhuma conclusiva.<br \/>\nQuando assim \u00e9, poder\u00e1 recorrer-se \u00e0 lenda? Com efeito, h\u00e1 a Lenda de Beba Dela! \u00c9 longa, mas prometo cont\u00e1-la noutra ocasi\u00e3o.<br \/>\nFalando do seu patrim\u00f3nio, a saber:<br \/>\nRu\u00ednas romanas de Bobadela (Monumento nacional)<br \/>\nIgreja Matriz, com orago de Nossa Senhora da Gra\u00e7a.<br \/>\nPelourinho de Bobadela<br \/>\nAnta do Pinheiro dos Abra\u00e7os<br \/>\nPonte romana de Bobadela sobre o Rio de Cavalos<br \/>\nCapelas de Nossa Senhora do Socorro, Nossa Senhora da Luz e de S. Sebasti\u00e3o<br \/>\nCruzeiro oitocentista<br \/>\nCentro Interpretativo das Ru\u00ednas Romanas de Bobadela<br \/>\nCasas manuelina, oitocentista, dos Vaz Pato, dos Godinhos e casa antiga (\u00e0 entrada da Bobadela)<br \/>\nMuseu Municipal Dr. Ant\u00f3nio Sim\u00f5es Saraiva<br \/>\n\u00c9 terra a visitar por toda a sua ancestralidade e valor patrimonial, al\u00e9m das belezas paisag\u00edsticas e outros motivos de interesse!<br \/>\nLucinda Maria<br \/>\n(Consulta do livro ENQUADRAMENTO HIST\u00d3RICO E TOPON\u00cdMIA de Dr. Francisco Correia das Neves)<\/p>\n","protected":false},"excerpt":{"rendered":"<p>Publicado por Lucinda Maria Brito em 05\/10\/2020, \u00e0s 21:51 horas in: https:\/\/www.facebook.com\/lucindamaria.brito\/posts\/3132876170168685 BOBADELA &#8211; TOP\u00d3NIMO Povoa\u00e7\u00e3o e freguesia da prov\u00edncia da Beira Alta, concelho e comarca de Oliveira do Hospital, distrito e bispado de Coimbra. Um vale de onde n\u00e3o se avistam outras povoa\u00e7\u00f5es, na margem direita do rio Alva e na esquerda do rio [&hellip;]<\/p>\n","protected":false},"author":1,"featured_media":0,"parent":0,"menu_order":0,"comment_status":"closed","ping_status":"closed","template":"","meta":{"footnotes":""},"_links":{"self":[{"href":"https:\/\/srlsampaense.com\/index.php\/wp-json\/wp\/v2\/pages\/2285"}],"collection":[{"href":"https:\/\/srlsampaense.com\/index.php\/wp-json\/wp\/v2\/pages"}],"about":[{"href":"https:\/\/srlsampaense.com\/index.php\/wp-json\/wp\/v2\/types\/page"}],"author":[{"embeddable":true,"href":"https:\/\/srlsampaense.com\/index.php\/wp-json\/wp\/v2\/users\/1"}],"replies":[{"embeddable":true,"href":"https:\/\/srlsampaense.com\/index.php\/wp-json\/wp\/v2\/comments?post=2285"}],"version-history":[{"count":1,"href":"https:\/\/srlsampaense.com\/index.php\/wp-json\/wp\/v2\/pages\/2285\/revisions"}],"predecessor-version":[{"id":2287,"href":"https:\/\/srlsampaense.com\/index.php\/wp-json\/wp\/v2\/pages\/2285\/revisions\/2287"}],"wp:attachment":[{"href":"https:\/\/srlsampaense.com\/index.php\/wp-json\/wp\/v2\/media?parent=2285"}],"curies":[{"name":"wp","href":"https:\/\/api.w.org\/{rel}","templated":true}]}}