{"id":2269,"date":"2020-10-27T16:57:40","date_gmt":"2020-10-27T15:57:40","guid":{"rendered":"http:\/\/srlsampaense.com\/?page_id=2269"},"modified":"2020-10-27T19:08:28","modified_gmt":"2020-10-27T18:08:28","slug":"nogueira-do-cravo-toponimo","status":"publish","type":"page","link":"https:\/\/srlsampaense.com\/index.php\/nogueira-do-cravo-toponimo\/","title":{"rendered":"Nogueira do Cravo &#8211; top\u00f3nimo"},"content":{"rendered":"<p>Publicado por <strong>Lucinda Maria Brito<\/strong> em 19\/09\/2020, \u00e0s 22:14 horas in: <a href=\"https:\/\/www.facebook.com\/lucindamaria.brito\/posts\/3084724851650484\" target=\"_blank\" rel=\"noopener noreferrer\">https:\/\/www.facebook.com\/lucindamaria.brito\/posts\/3084724851650484<\/a><\/p>\n<hr \/>\n<p>NOGUEIRA DO CRAVO \u2013 TOP\u00d3NIMO<br \/>\nNogueira do Cravo \u00e9 uma freguesia do concelho de Oliveira do Hospital. \u00c9 composta por uma s\u00e9rie de localidades, incluindo Aldeia de Nogueira, Galizes, Recta da Salinha, Senhor das Almas, Vale de Dona Clara, Vendas de Galizes e Vilela.<br \/>\nVamos \u00e0 topon\u00edmia e tentemos saber de onde deriva o nome desta linda aldeia.<br \/>\nA antiga Vila de Nogueira, outrora chamada Couto de Nogueira, tendo adquirido seu actual nome desde fins do s\u00e9culo XVII, pertenceu ao Senhorio dos Bispos de Coimbra, sendo a sua primeira carta de foral datada em 1177, tendo o concelho sido extinto em 6 de Novembro de 1836, incorporando-se as suas freguesias ao concelho de Oliveira do Hospital. O seu foral episcopal foi dado em Av\u00f4 e, posteriormente, renovado pelo rei D. Manuel I a 12 de Setembro de 1514.<br \/>\nEm alguns textos medievais aparece escrito Nogeira e no cadastro de 1527, Nogeyra, onde Aldeia vem como Nogeirynha.<br \/>\nTamb\u00e9m aparece escrita \u201cNuduzes\u201d nas actas das Inquiri\u00e7\u00f5es de 1258. Acrescente-se que, nesta altura, ainda n\u00e3o se chamava \u201cdo Cravo\u201d. Mais tarde, em 1721, j\u00e1 \u00e9 chamada de Nogueira do Cravo.<br \/>\nNa base de Nogueira est\u00e1 o radical latino nux, nucis, noz, de onde se formou nucaria (\u00e1rvore que d\u00e1 nozes) e deste proveio o portugu\u00eas nogueira. Devido \u00e0 abund\u00e2ncia dessa \u00e1rvore no local, \u00e1rvore proveniente do Centro da Europa e \u00c1sia e que, al\u00e9m do fruto, dava a madeira muito usada em marcenaria, deu lugar ao top\u00f3nimo.<br \/>\nE de onde vir\u00e1 o Cravo? E que cravo ser\u00e1, uma vez que esta mesma palavra pode significar v\u00e1rias coisas?<br \/>\nH\u00e1 uma outra Nogueira do Cravo, pertencente a Oliveira de Azem\u00e9is. Aqui cravo deve ser mesmo alusivo a cravo de ferradura, uma vez que azem\u00e9is eram almocreves, condutores de az\u00e9molas.<br \/>\nPermanece a d\u00favida em rela\u00e7\u00e3o ao nosso \u201cdo Cravo\u201d. Ter\u00e1 tamb\u00e9m a ver com os cravos das ferraduras, j\u00e1 que estas come\u00e7aram a usar-se por volta do ano 800? Ou ser\u00e1 antes referente \u00e0 bela e arom\u00e1tica flor? Ou ter\u00e1 a ver com uma esp\u00e9cie de tangerina chamada cravo?<br \/>\nEsta freguesia foi desde tempos long\u00ednquos p\u00e1tria de numerosos pedreiros, que criaram uma caracter\u00edstica e pitoresca linguagem pr\u00f3pria chamada &#8220;Os Verbos dos Arguinas&#8221;. Esta permitia o di\u00e1logo entre os trabalhadores, sem que outros os entendessem. Trata-se de uma g\u00edria que muitos nogueirenses ainda n\u00e3o esqueceram e que \u00e9 tamb\u00e9m falada na freguesia vizinha de Santa Ovaia.<br \/>\nDurante v\u00e1rios anos, foi editado um jornal \u201cO Chapinheiro\u201d, fruto da carolice de alguns nogueirenses, mas uma boa publica\u00e7\u00e3o, sempre relatando acontecimentos da terra. Pena ter deixado de sair, por raz\u00f5es que desconhe\u00e7o.<br \/>\nVisite Nogueira do Cravo e poder\u00e1 apreciar um vasto patrim\u00f3nio, a saber:<br \/>\nA Igreja Paroquial, com orago de Nossa Senhora da Expecta\u00e7\u00e3o, foi reedificada no princ\u00edpio do s\u00e9culo XIX no t\u00edpico estilo regional de transi\u00e7\u00e3o dos s\u00e9culos XVIII e XIX, com a persist\u00eancia das tradi\u00e7\u00f5es setecentistas e possui estatu\u00e1ria do s\u00e9culo XVI.<br \/>\nPelourinho de Nogueira do Cravo<br \/>\nCasa do Penedo ou dos Mouros (que segundo a lenda foi constru\u00edda numa noite)<br \/>\nCasa sete-oitocentista<br \/>\nCasa dos Santos Costa<br \/>\nFonte da Bica<br \/>\nIgreja da Miseric\u00f3rdia<br \/>\nCapelas de Santa Luzia, de Santo Ant\u00f3nio e de S. Pedro<br \/>\nCruzeiros do Adro, de Galizes e do Senhor das Almas<br \/>\nCasas do Penedo, dos Mascarenhas e dos Tinoco (esta chamada Casa da Calle)<br \/>\nCoreto do Senhor das Almas<br \/>\nCapelas de N.Sr\u00aa Concei\u00e7\u00e3o (Vilela) e do Senhor das Almas.<br \/>\nBusto de Bernardino Freire de Figueiredo Abreu e Castro, natural de Nogueira do Cravo, explorador portugu\u00eas do s\u00e9culo XIX. \u00c9 apontado como o fundador de Mo\u00e7\u00e2medes.<br \/>\nCruzeiro de Fundo de Vila,<br \/>\nFonte da Bica (Vilela),<br \/>\nPalheiro romano (antigo celeiro)<br \/>\nFontes do Senhor das Almas, das Almas, de Lavadouros, Velha, do Povo, da Fontanheira e da Povoa\u00e7\u00e3o<br \/>\nMonumento aos Arguinas, esculpido por Lu\u00eds Queimadela.<br \/>\nCentro Educativo (constru\u00eddo na antiga Escola Prim\u00e1ria, muito bem apetrechado e inaugurado no dia 9 de Setembro de 2013)<\/p>\n<p>Lucinda Maria (consulta do livro sobre a topon\u00edmia do concelho da autoria do Dr. Francisco Correia das Neves)<\/p>\n","protected":false},"excerpt":{"rendered":"<p>Publicado por Lucinda Maria Brito em 19\/09\/2020, \u00e0s 22:14 horas in: https:\/\/www.facebook.com\/lucindamaria.brito\/posts\/3084724851650484 NOGUEIRA DO CRAVO \u2013 TOP\u00d3NIMO Nogueira do Cravo \u00e9 uma freguesia do concelho de Oliveira do Hospital. \u00c9 composta por uma s\u00e9rie de localidades, incluindo Aldeia de Nogueira, Galizes, Recta da Salinha, Senhor das Almas, Vale de Dona Clara, Vendas de Galizes e [&hellip;]<\/p>\n","protected":false},"author":1,"featured_media":0,"parent":0,"menu_order":0,"comment_status":"closed","ping_status":"closed","template":"","meta":{"footnotes":""},"_links":{"self":[{"href":"https:\/\/srlsampaense.com\/index.php\/wp-json\/wp\/v2\/pages\/2269"}],"collection":[{"href":"https:\/\/srlsampaense.com\/index.php\/wp-json\/wp\/v2\/pages"}],"about":[{"href":"https:\/\/srlsampaense.com\/index.php\/wp-json\/wp\/v2\/types\/page"}],"author":[{"embeddable":true,"href":"https:\/\/srlsampaense.com\/index.php\/wp-json\/wp\/v2\/users\/1"}],"replies":[{"embeddable":true,"href":"https:\/\/srlsampaense.com\/index.php\/wp-json\/wp\/v2\/comments?post=2269"}],"version-history":[{"count":2,"href":"https:\/\/srlsampaense.com\/index.php\/wp-json\/wp\/v2\/pages\/2269\/revisions"}],"predecessor-version":[{"id":2296,"href":"https:\/\/srlsampaense.com\/index.php\/wp-json\/wp\/v2\/pages\/2269\/revisions\/2296"}],"wp:attachment":[{"href":"https:\/\/srlsampaense.com\/index.php\/wp-json\/wp\/v2\/media?parent=2269"}],"curies":[{"name":"wp","href":"https:\/\/api.w.org\/{rel}","templated":true}]}}