{"id":2103,"date":"2020-10-20T21:22:22","date_gmt":"2020-10-20T20:22:22","guid":{"rendered":"http:\/\/srlsampaense.com\/?page_id=2103"},"modified":"2020-10-27T17:18:08","modified_gmt":"2020-10-27T16:18:08","slug":"toponimo-avo","status":"publish","type":"page","link":"https:\/\/srlsampaense.com\/index.php\/toponimo-avo\/","title":{"rendered":"Av\u00f4 &#8211; Top\u00f3nimo"},"content":{"rendered":"<p>Publicado por <strong>Lucinda Maria Brito<\/strong> em 20\/10\/2020, \u00e0s 19:21 horas in: <a href=\"https:\/\/www.facebook.com\/lucindamaria.brito\/posts\/3174936999295935\" target=\"_blank\" rel=\"noopener noreferrer\">https:\/\/www.facebook.com\/lucindamaria.brito\/posts\/3174936999295935<\/a><\/p>\n<hr \/>\n<p>AV\u00d4 &#8211; TOP\u00d3NIMO<img decoding=\"async\" loading=\"lazy\" class=\"alignright\" src=\"http:\/\/srlsampaense.com\/wp-content\/uploads\/2020\/10\/avo_brasao-1.jpg\" alt=\"Esta imagem tem um texto alternativo em branco, o nome da imagem \u00e9 avo_brasao-1.jpg\" width=\"153\" height=\"181\" \/><br \/>\nAv\u00f4 \u00e9 uma bonita vila situada na zona Centro do Pa\u00eds, banhada pelo Rio e pela ribeira de Pomares que aqui tem a sua foz, no Pego de Av\u00f4, um pitoresco lago com uma ilhota no meio, a que se chama Ilha do Picoto.<br \/>\nAv\u00f4 foi habitada por Romanos que aqui procuravam min\u00e9rios de chumbo e ouro, tendo estes sido, provavelmente, os fundadores do Castelo, hoje em ru\u00ednas. Av\u00f4 foi tamb\u00e9m povoada pelos Mouros, e reconquistada pelo <img decoding=\"async\" loading=\"lazy\" class=\"alignleft\" src=\"http:\/\/srlsampaense.com\/wp-content\/uploads\/2020\/10\/avo_rio.jpg\" alt=\"Esta imagem tem um texto alternativo em branco, o nome da imagem \u00e9 avo_rio.jpg\" width=\"288\" height=\"144\" \/>primeiro rei Portugu\u00eas, D. Afonso Henriques, que mandou reedificar o Castelo.<br \/>\nA vila de Av\u00f4 tem origens bem antigas, tendo anteriormente o top\u00f3nimo de \u201cCouto de Avao\u201c.<br \/>\nDiz-se que o top\u00f3nimo \u201cAv\u00f4\u201d prov\u00e9m de \u201cad vadum\u201d, que significa junto ao vau, para ou na direc\u00e7\u00e3o do vau. O que \u00e9 o vau? \u00c9 o s\u00edtio mais baixo por onde se atravessa o rio a p\u00e9 ou montado em animais. Neste caso, o lugar seria na ribeira de Pomares (antigamente chamada rio Moura). A poucos metros a montante da actual ponte seria esse s\u00edtio, embora pare\u00e7a que, antes, ter\u00e1 havido outra ponte, no princ\u00edpio do s\u00e9c. XIX, sendo de madeira.<br \/>\nNo entanto, esta origem n\u00e3o \u00e9 consensual entre os etimologistas. O Professor Doutor Ant\u00f3nio Garcia Ribeiro de Vasconcelos aceita e acha veros\u00edmil esta hip\u00f3tese (ad vadum), mas n\u00e3o ter\u00e1 feito um estudo aprofundado do tema.<br \/>\nEntretanto, Av\u00f4 foi aparecendo escrito \u201cAvolo\u201d, pelos anos de 1122, 1128 e 1132, mais tarde, j\u00e1 em 1187, \u201cAuoo\u201d, depois \u201cAvoo\u201d e Davoo\u201d, em 1514 e, finalmente \u201cAv\u00f4\u201d.<br \/>\nH\u00e1 quem considere que se refere mesmo a av\u00f4 (o pai dos pais) por ser uma terra muito antiga. Outros ainda contam uma lenda, de que Egas Moniz (aio de D. Afonso Henriques) \u00e9 o protagonista, enquanto av\u00f4 de Pedro Afonso Viegas, que veio a casar com D. Urraca, filha bastarda do nosso primeiro rei. Sendo lenda, tem o valor que tem, mas nada se pode provar.<br \/>\nSeja como for, Av\u00f4 \u00e9 uma terra antiga e valorosa, ber\u00e7o de grandes pessoas<img decoding=\"async\" class=\"alignright\" src=\"http:\/\/srlsampaense.com\/wp-content\/uploads\/2020\/10\/avo_castelo.jpg\" alt=\"Esta imagem tem um texto alternativo em branco, o nome da imagem \u00e9 avo_castelo.jpg\" \/> e com belas paisagens e locais a visitar. Teve castelo e isso, s\u00f3 por si, atesta a sua import\u00e2ncia.<br \/>\nBr\u00e1s Garcia de Mascarenhas e o Dr. Vasco de Campos, poetas desta bela vila, ambos viveram em casas sobranceiras ao rio Alva. S\u00e3o autores do concelho, assim como o Dr. Ant\u00f3nio Rodrigues Gon\u00e7alves, que tem escrito livros de grande relev\u00e2ncia para a hist\u00f3ria concelhia.<br \/>\nMas h\u00e1 mais, muito mais!&#8230; A saber:<br \/>\nCasa de Br\u00e1s Garcia de Mascarenhas<br \/>\nMonumento a Br\u00e1s Garcia de Mascarenhas<br \/>\nCastelo de Av\u00f4, incluindo as ru\u00ednas da Ermida de S\u00e3o Miguel (s\u00e9c. XVI, XVII)<br \/>\nPelourinho de Av\u00f4 (manuelino, de tipo pinha)<br \/>\nCapelas de Nossa Senhora dos Anjos (s\u00e9c. XVIII), de Santa Quit\u00e9ria (s\u00e9c. XVII) e de S. Pedro (s\u00e9c. XVI)<br \/>\nCapela de Santa Maria do Mosteiro<br \/>\nCruzeiro<br \/>\nCasas quinhentistas e seiscentistas<br \/>\nMiradouro das Varandas de Av\u00f4<br \/>\nPontes (sobre o rio Alva e sobre a ribeira de Pomares)<br \/>\nIlha do Picoto e praia fluvial<br \/>\nIgreja Matriz de Av\u00f4 (do s\u00e9c. XVIII, orago: Nossa Senhora da Assun\u00e7\u00e3o)<br \/>\nA Igreja Matriz de Av\u00f4 \u00e9 um templo do s\u00e9culo XVIII, embora possa ter sido <img decoding=\"async\" loading=\"lazy\" class=\"alignright\" src=\"http:\/\/srlsampaense.com\/wp-content\/uploads\/2020\/10\/avo_igreja.jpg\" alt=\"Esta imagem tem um texto alternativo em branco, o nome da imagem \u00e9 avo_igreja.jpg\" width=\"252\" height=\"189\" \/>constru\u00eddo sobre outro do s\u00e9culo XVI que j\u00e1 se encontrava bastante arruinado. Existe uma placa de granito com a indica\u00e7\u00e3o de 1789, o que poder\u00e1 corresponder \u00e0 conclus\u00e3o da constru\u00e7\u00e3o. Devido \u00e0 sua situa\u00e7\u00e3o \u201cfora de portas\u201d, ou seja, fora das muralhas do castelo sup\u00f5e-se que ter\u00e1 havido outra ainda no tempo do dom\u00ednio \u00e1rabe.<img decoding=\"async\" loading=\"lazy\" class=\"alignright\" src=\"http:\/\/srlsampaense.com\/wp-content\/uploads\/2020\/10\/avo_coreto.jpg\" alt=\"Esta imagem tem um texto alternativo em branco, o nome da imagem \u00e9 avo_coreto.jpg\" width=\"217\" height=\"162\" \/><br \/>\nCoreto com belos azulejos (Filarm\u00f3nica Avoense, que j\u00e1 completou 150 anos)<br \/>\nCruzeiro<br \/>\nFonte<\/p>\n<p>Lucinda Maria<br \/>\n(Consulta do livro \u201cEnquadramento Hist\u00f3rico e Topon\u00edmia do Dr. Francisco Correia das Neves e pedi alguns conselhos ao meu amigo Dr. Ant\u00f3nio Rodrigues Gon\u00e7alves, avoense de grande conhecimento e cultura, a quem agrade\u00e7o)<\/p>\n","protected":false},"excerpt":{"rendered":"<p>Publicado por Lucinda Maria Brito em 20\/10\/2020, \u00e0s 19:21 horas in: https:\/\/www.facebook.com\/lucindamaria.brito\/posts\/3174936999295935 AV\u00d4 &#8211; TOP\u00d3NIMO Av\u00f4 \u00e9 uma bonita vila situada na zona Centro do Pa\u00eds, banhada pelo Rio e pela ribeira de Pomares que aqui tem a sua foz, no Pego de Av\u00f4, um pitoresco lago com uma ilhota no meio, a que se [&hellip;]<\/p>\n","protected":false},"author":1,"featured_media":0,"parent":0,"menu_order":0,"comment_status":"closed","ping_status":"closed","template":"","meta":{"footnotes":""},"_links":{"self":[{"href":"https:\/\/srlsampaense.com\/index.php\/wp-json\/wp\/v2\/pages\/2103"}],"collection":[{"href":"https:\/\/srlsampaense.com\/index.php\/wp-json\/wp\/v2\/pages"}],"about":[{"href":"https:\/\/srlsampaense.com\/index.php\/wp-json\/wp\/v2\/types\/page"}],"author":[{"embeddable":true,"href":"https:\/\/srlsampaense.com\/index.php\/wp-json\/wp\/v2\/users\/1"}],"replies":[{"embeddable":true,"href":"https:\/\/srlsampaense.com\/index.php\/wp-json\/wp\/v2\/comments?post=2103"}],"version-history":[{"count":20,"href":"https:\/\/srlsampaense.com\/index.php\/wp-json\/wp\/v2\/pages\/2103\/revisions"}],"predecessor-version":[{"id":2284,"href":"https:\/\/srlsampaense.com\/index.php\/wp-json\/wp\/v2\/pages\/2103\/revisions\/2284"}],"wp:attachment":[{"href":"https:\/\/srlsampaense.com\/index.php\/wp-json\/wp\/v2\/media?parent=2103"}],"curies":[{"name":"wp","href":"https:\/\/api.w.org\/{rel}","templated":true}]}}