{"id":1745,"date":"2019-01-19T14:03:34","date_gmt":"2019-01-19T13:03:34","guid":{"rendered":"http:\/\/srlsampaense.com\/?page_id=1745"},"modified":"2021-11-17T18:10:31","modified_gmt":"2021-11-17T17:10:31","slug":"2015-2018","status":"publish","type":"page","link":"https:\/\/srlsampaense.com\/index.php\/2015-2018\/","title":{"rendered":"2015-2018"},"content":{"rendered":"\n<p class=\"has-text-align-center\"><strong>CORPOS GERENTES DO QUADRI\u00c9NIO 2015-18<br \/><\/strong>(Tomada de Posse em 11\/01\/2015)<\/p>\n\n\n\n<p class=\"has-text-align-center\"><strong>ASSEMBLEIA GERAL<\/strong><br \/>Presidente \u2013 Jo\u00e3o Jos\u00e9 de Sousa Franco<br \/>1\u00ba Secret\u00e1rio \u2013 Ant\u00f3nio \u00c2ngelo Ferr\u00e3o Veloso<br \/>2\u00ba Secret\u00e1rio \u2013 Ana Carla Rodrigues Mendes Madeira<br \/>Suplente \u2013 Fernando Manuel Brito Moura<\/p>\n\n\n\n<p class=\"has-text-align-center\"><strong>DIRE\u00c7\u00c3O<br \/><\/strong>Presidente \u2013 Jos\u00e9 Francisco Ferr\u00e3o Veloso<br \/>Vice-Presidente \u2013 Manuel Madeira Mendes<br \/>Tesoureiro \u2013 Victor Manuel Oliveira Alves<br \/>1\u00ba Secret\u00e1rio \u2013 Nuno Miguel Fonseca Costa<br \/>2\u00ba Secret\u00e1rio \u2013 Ida Maria Teles B. M. Mendes<br \/>1\u00ba Vogal \u2013 Fernando Jos\u00e9 Fonseca Duarte<br \/>2\u00ba Vogal \u2013 Carlos Manuel Moura Oliveira<br \/>3\u00ba Vogal \u2013 Ant\u00f3nio Jos\u00e9 Mendes Borges<br \/>4\u00ba Vogal \u2013 Ivone Maria Mendes Dias Figueiredo<br \/>1\u00ba Suplente \u2013 Lu\u00eds Miguel Veloso Gouveia Chaves<br \/>2\u00ba Suplente \u2013 Manuel In\u00e1cio Faria<br \/>3\u00ba Suplente \u2013 Jos\u00e9 Carlos Oliveira Neto<\/p>\n\n\n\n<p class=\"has-text-align-center\"><strong>CONSELHO FISCAL<\/strong><br \/>Presidente \u2013 Nuno Ant\u00f3nio Pinto Sousa Marques<br \/>1\u00ba Secret\u00e1rio \u2013 Pedro Nuno Bas\u00edlio Veloso<br \/>2\u00ba Secret\u00e1rio \u2013 Jos\u00e9 Adelino Veloso Mendes<br \/>Suplente \u2013 Alberto Jorge Guilherme Mota Fonseca<\/p>\n","protected":false},"excerpt":{"rendered":"<p>CORPOS GERENTES DO QUADRI\u00c9NIO 2015-18(Tomada de Posse em 11\/01\/2015) ASSEMBLEIA GERALPresidente \u2013 Jo\u00e3o Jos\u00e9 de Sousa Franco1\u00ba Secret\u00e1rio \u2013 Ant\u00f3nio \u00c2ngelo Ferr\u00e3o Veloso2\u00ba Secret\u00e1rio \u2013 Ana Carla Rodrigues Mendes MadeiraSuplente \u2013 Fernando Manuel Brito Moura DIRE\u00c7\u00c3OPresidente \u2013 Jos\u00e9 Francisco Ferr\u00e3o VelosoVice-Presidente \u2013 Manuel Madeira MendesTesoureiro \u2013 Victor Manuel Oliveira Alves1\u00ba Secret\u00e1rio \u2013 Nuno Miguel Fonseca [&hellip;]<\/p>\n","protected":false},"author":1,"featured_media":0,"parent":0,"menu_order":0,"comment_status":"closed","ping_status":"closed","template":"","meta":{"footnotes":""},"_links":{"self":[{"href":"https:\/\/srlsampaense.com\/index.php\/wp-json\/wp\/v2\/pages\/1745"}],"collection":[{"href":"https:\/\/srlsampaense.com\/index.php\/wp-json\/wp\/v2\/pages"}],"about":[{"href":"https:\/\/srlsampaense.com\/index.php\/wp-json\/wp\/v2\/types\/page"}],"author":[{"embeddable":true,"href":"https:\/\/srlsampaense.com\/index.php\/wp-json\/wp\/v2\/users\/1"}],"replies":[{"embeddable":true,"href":"https:\/\/srlsampaense.com\/index.php\/wp-json\/wp\/v2\/comments?post=1745"}],"version-history":[{"count":8,"href":"https:\/\/srlsampaense.com\/index.php\/wp-json\/wp\/v2\/pages\/1745\/revisions"}],"predecessor-version":[{"id":2849,"href":"https:\/\/srlsampaense.com\/index.php\/wp-json\/wp\/v2\/pages\/1745\/revisions\/2849"}],"wp:attachment":[{"href":"https:\/\/srlsampaense.com\/index.php\/wp-json\/wp\/v2\/media?parent=1745"}],"curies":[{"name":"wp","href":"https:\/\/api.w.org\/{rel}","templated":true}]}}