{"id":1557,"date":"2018-02-07T17:01:53","date_gmt":"2018-02-07T16:01:53","guid":{"rendered":"http:\/\/srlsampaense.com\/?page_id=1557"},"modified":"2018-02-07T17:01:53","modified_gmt":"2018-02-07T16:01:53","slug":"anthero-da-veiga","status":"publish","type":"page","link":"https:\/\/srlsampaense.com\/index.php\/anthero-da-veiga\/","title":{"rendered":"Anthero da Veiga"},"content":{"rendered":"<p style=\"text-align: center;\"><strong>Quem foi <\/strong><strong>Anthero da Veiga<\/strong><\/p>\n<p>Anthero Dias Alte da Veiga, que viria a celebrizar-se como guitarrista, republicano e diplomata, nasceu na Cerdeira, mas ainda em crian\u00e7a veio viver para Arganil, onde seu pai, Francisco Ant\u00f3nio Maria da Veiga foi Tesoureiro da Fazenda, membro do Conselho Municipal e Provedor da Santa Casa da Miseric\u00f3rdia.<br \/>\nA inicia\u00e7\u00e3o \u00e0 guitarra aconteceu na sequ\u00eancia\u00a0 de uma ida \u00e0 romaria de Nossa Senhora das Preces, aonde foi na companhia de amigos de Barril de Alva\u00a0 e Coja, tornando-se\u00a0 depois um virtuoso com actua\u00e7\u00f5es nas terras onde seu pai fora colocado, mas tamb\u00e9m em saraus da aristocracia.<br \/>\nDepois dos estudos secund\u00e1rios, Anthero da Veiga regressou a Arganil como funcion\u00e1rio judicial (escriv\u00e3o-not\u00e1rio), \u00a0j\u00e1 ent\u00e3o casado com In\u00e1cia Soares de Brito, da Chamusca da Beira. Nesta vila integrou as primeiras organiza\u00e7\u00f5es c\u00edvicas locais, nomeadamente a Comiss\u00e3o para os Melhoramentos do Mont\u2019Alto ( canaliza\u00e7\u00e3o da \u00e1gua para o Santu\u00e1rio) e a Comiss\u00e3o para a forma\u00e7\u00e3o de um corpo de bombeiros.<br \/>\nNesse per\u00edodo, \u00a0a sua actua\u00e7\u00e3o art\u00edstica de maior mediatismo foi,\u00a0 sem d\u00favida,\u00a0 o recital perante o rei D. Carlos (1907) aquando\u00a0 da estada deste monarca em Arganil.<br \/>\nCom a implanta\u00e7\u00e3o da Rep\u00fablica (1910) Anthero da Veiga presidiu \u00a0(como Administrador do Concelho, interino) ao acto de transi\u00e7\u00e3o camar\u00e1ria, mas, de imediato, foi\u00a0 ocupar id\u00eanticas fun\u00e7\u00f5es em Oliveira do Hospital \u00a0e depois noutros concelhos antes de ser nomeado C\u00f4nsul de Portugal na Corunha (Espanha), cidade onde desenvolveu uma frutuosa actividade art\u00edstico-cultural e humanista, com realce para a protec\u00e7\u00e3o aos portugueses indocumentados. Os seus dotes musicais, sobejamente reconhecidos em terras espanholas e francesas , valeram-lhe um convite para gravar em Liverpool (Inglaterra) em 1929.<br \/>\nCom o fim da 1.\u00aa Rep\u00fablica em Portugal (1926) Anthero da Veiga seria demitido em 1928, mas s\u00f3 regressaria a Portugal em 1937, sob cust\u00f3dia da pol\u00edcia antecessora da PIDE.<br \/>\nEm 1945 foi viver com seu filho Eug\u00e9nio para Mogofores onde veio a falecer em 12 de Dezembro de 1960.<br \/>\n(In: https:\/\/www.cm-arganil.pt\/noticias\/cultura\/no-150-aniversario-do-nascimento-arganil-recorda-antero-da-veiga\/)<\/p>\n","protected":false},"excerpt":{"rendered":"<p>Quem foi Anthero da Veiga Anthero Dias Alte da Veiga, que viria a celebrizar-se como guitarrista, republicano e diplomata, nasceu na Cerdeira, mas ainda em crian\u00e7a veio viver para Arganil, onde seu pai, Francisco Ant\u00f3nio Maria da Veiga foi Tesoureiro da Fazenda, membro do Conselho Municipal e Provedor da Santa Casa da Miseric\u00f3rdia. A inicia\u00e7\u00e3o [&hellip;]<\/p>\n","protected":false},"author":1,"featured_media":0,"parent":0,"menu_order":0,"comment_status":"closed","ping_status":"closed","template":"","meta":{"footnotes":""},"_links":{"self":[{"href":"https:\/\/srlsampaense.com\/index.php\/wp-json\/wp\/v2\/pages\/1557"}],"collection":[{"href":"https:\/\/srlsampaense.com\/index.php\/wp-json\/wp\/v2\/pages"}],"about":[{"href":"https:\/\/srlsampaense.com\/index.php\/wp-json\/wp\/v2\/types\/page"}],"author":[{"embeddable":true,"href":"https:\/\/srlsampaense.com\/index.php\/wp-json\/wp\/v2\/users\/1"}],"replies":[{"embeddable":true,"href":"https:\/\/srlsampaense.com\/index.php\/wp-json\/wp\/v2\/comments?post=1557"}],"version-history":[{"count":1,"href":"https:\/\/srlsampaense.com\/index.php\/wp-json\/wp\/v2\/pages\/1557\/revisions"}],"predecessor-version":[{"id":1559,"href":"https:\/\/srlsampaense.com\/index.php\/wp-json\/wp\/v2\/pages\/1557\/revisions\/1559"}],"wp:attachment":[{"href":"https:\/\/srlsampaense.com\/index.php\/wp-json\/wp\/v2\/media?parent=1557"}],"curies":[{"name":"wp","href":"https:\/\/api.w.org\/{rel}","templated":true}]}}