{"id":1515,"date":"2018-01-30T14:31:34","date_gmt":"2018-01-30T13:31:34","guid":{"rendered":"http:\/\/srlsampaense.com\/?page_id=1515"},"modified":"2020-09-11T13:57:35","modified_gmt":"2020-09-11T12:57:35","slug":"factos-relativos-a-lenda","status":"publish","type":"page","link":"https:\/\/srlsampaense.com\/index.php\/factos-relativos-a-lenda\/","title":{"rendered":"Factos relativos \u00e0 lenda"},"content":{"rendered":"\n<p> Publicado por Fernando Coelho a 24\/01\/2018 \u00e0s 00:18 horas, in: \u00a0 https:\/\/www.facebook.com\/groups\/385980901544787\/) <\/p>\n\n\n<p>A PROP\u00d3SITO DE UMA LENDA\u00a0<\/p>\n<p>(\u2026)\u00a0\u00a0A prop\u00f3sito, direi que o epis\u00f3dio dum ferreiro que teria ludibriado um pobre campon\u00eas de S. Paio, furtando-lhe o ouro e depois de rico partiu para Fran\u00e7a, tem muita consist\u00eancia. \u00c9 que ao tempo de Sancho II, o jovem Domingos Joannes, ( cerca de 1224 ), tratava dos neg\u00f3cios da Corte e teria cometido uma falta grave. A contas com a justi\u00e7a, foi obrigado ao ex\u00edli<span class=\"text_exposed_show\">o em Fran\u00e7a. Para n\u00e3o manchar o nome da fam\u00edlia, usou o patron\u00edmico \u201c Joannes\u201d como apelido, deixando o da tradi\u00e7\u00e3o familiar \u2013 o pai, chamava-se Jo\u00e3o Cardoso, na linha de Soeiro Cardoso , seu av\u00f4. Num inqu\u00e9rito de 1290, figura Domingos Joannes como contador do rei ( tesoureiro).<br \/>Mais tarde, Frei Andr\u00e9 do Amaral ( 7\u00ba neto de Soeiro Cardoso), n\u00e3o estabeleceu, na solicita\u00e7\u00e3o que fez para provimento ao uso de bras\u00e3o \u2013 23 de Abril de 1515 \u2013 a sua sucess\u00e3o completa, ( como era usual), n\u00e3o indicando nela o nome do seu 5\u00ba av\u00f4 (Domingos Joannes), o que \u00e9 estranho!. No ex\u00edlio em Fran\u00e7a, Domingos Joannes, protegido tacitamente por familiares, nomeadamente pelo Conde de Bolonha, realizou feitos not\u00e1veis, sobretudo em Saintes ( 1243), contribuindo para a vit\u00f3ria das tropas de Luis IX de Fran\u00e7a, sobre as de Henrique III de Inglaterra. A mais na lenda, s\u00f3 a profiss\u00e3o de \u201c ferreiro\u201d, ( Domingos, n\u00e3o podia ter tal profiss\u00e3o \u2013 pertencia \u00e0 alta nobreza) e j\u00e1 agora a \u201cpartida\u201d, como quer a lenda, do cavaleiro para Fran\u00e7a, tem o sabor de um \u201c ex\u00edlio\u201d.<\/span><\/p>\n<div class=\"text_exposed_show\">\n<p>Obs. H\u00e1 documentos comprovativos.<\/p>\n<\/div>","protected":false},"excerpt":{"rendered":"<p>Publicado por Fernando Coelho a 24\/01\/2018 \u00e0s 00:18 horas, in: \u00a0 https:\/\/www.facebook.com\/groups\/385980901544787\/) A PROP\u00d3SITO DE UMA LENDA\u00a0 (\u2026)\u00a0\u00a0A prop\u00f3sito, direi que o epis\u00f3dio dum ferreiro que teria ludibriado um pobre campon\u00eas de S. Paio, furtando-lhe o ouro e depois de rico partiu para Fran\u00e7a, tem muita consist\u00eancia. \u00c9 que ao tempo de Sancho II, o [&hellip;]<\/p>\n","protected":false},"author":1,"featured_media":0,"parent":0,"menu_order":0,"comment_status":"closed","ping_status":"closed","template":"","meta":{"footnotes":""},"_links":{"self":[{"href":"https:\/\/srlsampaense.com\/index.php\/wp-json\/wp\/v2\/pages\/1515"}],"collection":[{"href":"https:\/\/srlsampaense.com\/index.php\/wp-json\/wp\/v2\/pages"}],"about":[{"href":"https:\/\/srlsampaense.com\/index.php\/wp-json\/wp\/v2\/types\/page"}],"author":[{"embeddable":true,"href":"https:\/\/srlsampaense.com\/index.php\/wp-json\/wp\/v2\/users\/1"}],"replies":[{"embeddable":true,"href":"https:\/\/srlsampaense.com\/index.php\/wp-json\/wp\/v2\/comments?post=1515"}],"version-history":[{"count":2,"href":"https:\/\/srlsampaense.com\/index.php\/wp-json\/wp\/v2\/pages\/1515\/revisions"}],"predecessor-version":[{"id":2057,"href":"https:\/\/srlsampaense.com\/index.php\/wp-json\/wp\/v2\/pages\/1515\/revisions\/2057"}],"wp:attachment":[{"href":"https:\/\/srlsampaense.com\/index.php\/wp-json\/wp\/v2\/media?parent=1515"}],"curies":[{"name":"wp","href":"https:\/\/api.w.org\/{rel}","templated":true}]}}